{"id":2153,"date":"2021-01-19T14:08:47","date_gmt":"2021-01-19T14:08:47","guid":{"rendered":"https:\/\/www.femps.eu\/technikpruefung\/"},"modified":"2025-10-14T08:32:10","modified_gmt":"2025-10-14T08:32:10","slug":"ctt-technique","status":"publish","type":"page","link":"https:\/\/www.femps.eu\/de\/ctt-technique\/","title":{"rendered":"CTT Technique"},"content":{"rendered":"<h1>CTT Technique<\/h1>\n<h2>Common Training Test<\/h2>\n<h1>Calendrier CTT Technique<\/h1>\n<div>\n<p>Calendrier pr\u00e9visionnel &#8211; \u00c9preuve de Certification de la Capacit\u00e9 Technique saison 2023-2024 &#8211; \u00c9preuve Technique<\/p>\n<\/div>\n<hr>\n<div>\n<div class=\"ecs-no-events\">Es sind keine anstehenden Veranstaltungen vorhanden.<\/div><\/div>\n<h1>Conditions d&#8217;inscription<\/h1>\n<div>Tous les citoyens de l&#8217;Union qui d\u00e9tiennent un titre de qualification vis\u00e9 \u00e0 l&#8217;annexe I du r\u00e8glement d\u00e9l\u00e9gu\u00e9 ou qui suivent une formation pour obtenir un tel titre ont le droit de participer \u00e0 l\u2019\u00e9preuve technique du CTT.\n<\/div>\n<h1>Organiser une \u00e9preuve technique<\/h1>\n<div>\n<p>L&#8217;\u00e9preuve technique se d\u00e9roule sur un parcours de slalom g\u00e9ant qui r\u00e9pond aux crit\u00e8res d\u00e9finis par la FIS et est adapt\u00e9 pour tenir compte des objectifs de l&#8217;\u00e9preuve technique, notamment en ce qui concerne la longueur, la d\u00e9nivellation et le nombre de portes. L&#8217;\u00c9tat membre organisateur ou l&#8217;entit\u00e9 comp\u00e9tente, selon le cas, communique les dates de l&#8217;\u00e9preuve technique au moins 2 mois \u00e0 l&#8217;avance \u00e0 la Commission et aux autres \u00c9tats membres ou \u00e0 leurs entit\u00e9s comp\u00e9tentes. La d\u00e9nivellation doit se situer entre 250 m\u00e8tres et 300 m\u00e8tres. Le nombre de portes doit se situer entre 11 % et 15 % de la d\u00e9nivellation en m\u00e8tres, mais id\u00e9alement entre 12 % et 13 % afin d&#8217;\u00e9valuer la capacit\u00e9 de virage des moniteurs de ski plut\u00f4t que leur capacit\u00e9 de descente.<\/p>\n<p>L&#8217;organisation de l&#8217;\u00e9preuve technique rel\u00e8ve de la responsabilit\u00e9 de l&#8217;entit\u00e9 comp\u00e9tente pour la formation des moniteurs de ski sur le territoire de l&#8217;\u00c9tat membre.<\/p>\n<p>S\u2019agissant d\u2019une premi\u00e8re organisation par un Etat membre, il est entendu que la piste et les conditions d\u2019organisation doivent \u00eatre valid\u00e9es par une commission technique dont les membres sont nomm\u00e9s par l&#8217;\u00c9tat membre organisateur ou par l&#8217;entit\u00e9 comp\u00e9tente, selon le cas, sur la base de leurs comp\u00e9tences et de leur exp\u00e9rience professionnelle. Les \u00c9tats membres ou les entit\u00e9s comp\u00e9tentes autres que ceux organisant la CTT peuvent soumettre des propositions pour la composition de la commission technique.<\/p>\n<\/div>\n<h1>Sites homologu\u00e9s<\/h1>\n<ul>\n<li>\n<p>45.0907,6.06547<\/p>\n<h3>Station de l&#8217;Alpe d&#8217;Huez (38)<\/h3>\n<div>\n<ul>\n<li><span>Piste principale<\/span> :<span class=\"Apple-tab-span\"> <\/span>Le Signal<span><span class=\"Apple-tab-span\"> <\/span>(<\/span><i>FIS : 11241\/01\/14)<\/i><\/li>\n<li><span>Piste de repli<\/span> :<span class=\"Apple-tab-span\"> <\/span>Le Dahut<span><span class=\"Apple-tab-span\"> <\/span>(<\/span><i>FIS :<span class=\"Apple-converted-space\">\u00a0 <\/span>8903\/05\/08)<\/i><\/li>\n<\/ul>\n<\/div>\n<\/li>\n<li>\n<p>45.3234,6.53821<\/p>\n<h3>Station des M\u00e9nuires (73)<\/h3>\n<div>\n<ul>\n<li><span>Piste principale<\/span> : <span class=\"Apple-tab-span\"> <\/span>Stade olympique<span class=\"Apple-tab-span\"> <\/span>(<i>FIS : 9935\/12\/10)<\/i><\/li>\n<li><span>Piste de repli<\/span> : <span class=\"Apple-tab-span\"> <\/span>Stade Y. Richard &#8211; Val Thorens<span class=\"Apple-tab-span\"> <\/span>(<i>FIS : 9731\/11\/10)<\/i><\/li>\n<\/ul>\n<\/div>\n<\/li>\n<li>\n<p>46.1799,6.70918<\/p>\n<h3>Station de Morzine (74)<\/h3>\n<div>\n<ul>\n<li><span>Piste principale<\/span> : <span class=\"Apple-tab-span\"> <\/span>Le Pleney<span class=\"Apple-tab-span\"> <\/span>(<i>FIS : 11207\/01\/14)<\/i><\/li>\n<li><span>Piste de repli<\/span> : <span class=\"Apple-tab-span\"> <\/span>Arbis (<span class=\"Apple-tab-span\"><\/span><i>FIS : 12726\/02\/18)<\/i><\/li>\n<\/ul>\n<\/div>\n<\/li>\n<li>\n<p>42.7689,0.576924<\/p>\n<h3>Station de Superbagn\u00e8res (31)<\/h3>\n<div>\n<ul>\n<li><span>Piste principale<\/span> : <span class=\"Apple-tab-span\"> <\/span>Arbesquens (<span class=\"Apple-tab-span\"><\/span><i>FIS : 7740\/01\/05)<\/i><\/li>\n<li><span>Piste de repli<\/span> : <span class=\"Apple-tab-span\"> <\/span>Terranere \u2013 Saint-Lary-Soulan (<span class=\"Apple-tab-span\"><\/span><i>FIS : 12611\/12\/17)<\/i><\/li>\n<\/ul>\n<\/div>\n<\/li>\n<li>\n<p>44.2247,6.93252<\/p>\n<h3>Station d&#8217;Auron (06)<\/h3>\n<div>\n<ul>\n<li><span>Piste principale<\/span> : <span class=\"Apple-tab-span\"> <\/span>Colombier (<span class=\"Apple-tab-span\"><\/span><i>FIS : 7814\/03\/05)<\/i><\/li>\n<li><span>Piste de repli<\/span> :<span class=\"Apple-tab-span\"> <\/span><i>non communiqu\u00e9e<\/i><\/li>\n<\/ul>\n<\/div>\n<\/li>\n<li>\n<p>44.9158,6.54242<\/p>\n<h3>Station de Serre-Chevalier (05)<\/h3>\n<div>\n<ul>\n<li><span>Piste principale<\/span> : <span class=\"Apple-tab-span\"> <\/span>La Draye<span class=\"Apple-tab-span\"> <\/span>(<i>FIS : 7974\/11\/05<span class=\"Apple-converted-space\">)<\/span><\/i><\/li>\n<li><span>Piste de repli<\/span> :<span class=\"Apple-tab-span\"> <\/span><i>non communiqu\u00e9e<\/i><\/li>\n<\/ul>\n<\/div>\n<\/li>\n<li>\n<p>46.2502,10.4659<\/p>\n<h3>Station de Temu<\/h3>\n<\/li>\n<li>\n<p>47.4938,11.104<\/p>\n<h3>Station de Garmisch<\/h3>\n<\/li>\n<li>\n<p>46.4851,13.7844<\/p>\n<h3>Station de Kranjska Gora<\/h3>\n<\/li>\n<li>\n<p>47.4266,12.8481<\/p>\n<h3>Hinterreit<\/h3>\n<\/li>\n<li>\n<p>46.7329,12.2792<\/p>\n<h3>San Candido<\/h3>\n<\/li>\n<li>\n<p>44.4743,10.5044<\/p>\n<h3>Carezza<\/h3>\n<\/li>\n<li>\n<p>45.6873,7.31082<\/p>\n<h3>Pila<\/h3>\n<\/li>\n<\/ul>\n<p><!--more--><br \/>\n<!-- {\"type\":\"layout\",\"children\":[{\"type\":\"section\",\"props\":{\"image_position\":\"center-center\",\"padding_remove_bottom\":true,\"style\":\"default\",\"title_breakpoint\":\"xl\",\"title_position\":\"top-left\",\"title_rotation\":\"left\",\"vertical_align\":\"middle\",\"width\":\"large\"},\"children\":[{\"type\":\"row\",\"children\":[{\"type\":\"column\",\"props\":{\"image_position\":\"center-center\",\"position_sticky_breakpoint\":\"m\",\"width_medium\":\"1-1\"},\"children\":[{\"type\":\"headline\",\"props\":{\"content\":\"CTT Technique\",\"text_align\":\"center\",\"title_element\":\"h1\",\"title_style\":\"heading-small\"}},{\"type\":\"headline\",\"props\":{\"content\":\"Common Training Test\",\"margin_remove_top\":true,\"text_align\":\"center\",\"title_element\":\"h2\"}}]}]}],\"name\":\"Header\",\"modified\":\"2021-10-29T13:13:29.623Z\"},{\"type\":\"section\",\"props\":{\"id\":\"calendrier\",\"image\":\"wp-content\\\/uploads\\\/home-background.jpg\",\"image_effect\":\"fixed\",\"image_position\":\"bottom-center\",\"media_background\":\"rgba(255, 255, 255, 0)\",\"media_blend_mode\":\"soft-light\",\"media_overlay\":\"rgba(255, 255, 255, 0.8)\",\"padding_remove_bottom\":true,\"style\":\"default\",\"title_breakpoint\":\"xl\",\"title_position\":\"top-left\",\"title_rotation\":\"left\",\"vertical_align\":\"middle\",\"width\":\"default\"},\"children\":[{\"type\":\"row\",\"children\":[{\"type\":\"column\",\"props\":{\"image_position\":\"center-center\",\"position_sticky_breakpoint\":\"m\",\"width_medium\":\"1-2\"},\"children\":[{\"type\":\"headline\",\"props\":{\"content\":\"Calendrier CTT Technique\",\"title_element\":\"h1\"}},{\"type\":\"text\",\"props\":{\"column_breakpoint\":\"m\",\"content\":\"\n\n<p>Calendrier pr\\u00e9visionnel - \\u00c9preuve de Certification de la Capacit\\u00e9 Technique saison 2023-2024 - \\u00c9preuve Technique<\\\/p>\",\"margin\":\"default\",\"margin_remove_bottom\":true}},{\"type\":\"divider\",\"props\":{\"divider_element\":\"hr\"}},{\"type\":\"html\",\"props\":{\"content\":\"[ecs-list-events cat='CTT technique' limit='50']\"},\"name\":\"Calendrier\"}]},{\"type\":\"column\",\"props\":{\"image_position\":\"center-center\",\"position_sticky_breakpoint\":\"m\",\"width_medium\":\"1-2\"},\"children\":[{\"type\":\"headline\",\"props\":{\"content\":\"Conditions d'inscription\",\"title_element\":\"h1\"}},{\"type\":\"text\",\"props\":{\"column_breakpoint\":\"m\",\"content\":\"Tous les citoyens de l'Union qui d\\u00e9tiennent un titre de qualification vis\\u00e9 \\u00e0 l'annexe I du r\\u00e8glement d\\u00e9l\\u00e9gu\\u00e9 ou qui suivent une formation pour obtenir un tel titre ont le droit de participer \\u00e0 l\\u2019\\u00e9preuve technique du CTT.\\n\",\"margin\":\"default\"}},{\"type\":\"headline\",\"props\":{\"content\":\"Organiser une \\u00e9preuve technique\",\"title_element\":\"h1\"}},{\"type\":\"text\",\"props\":{\"column\":\"1-2\",\"column_breakpoint\":\"m\",\"content\":\"\n\n<p>L'\\u00e9preuve technique se d\\u00e9roule sur un parcours de slalom g\\u00e9ant qui r\\u00e9pond aux crit\\u00e8res d\\u00e9finis par la FIS et est adapt\\u00e9 pour tenir compte des objectifs de l'\\u00e9preuve technique, notamment en ce qui concerne la longueur, la d\\u00e9nivellation et le nombre de portes. L'\\u00c9tat membre organisateur ou l'entit\\u00e9 comp\\u00e9tente, selon le cas, communique les dates de l'\\u00e9preuve technique au moins 2 mois \\u00e0 l'avance \\u00e0 la Commission et aux autres \\u00c9tats membres ou \\u00e0 leurs entit\\u00e9s comp\\u00e9tentes. La d\\u00e9nivellation doit se situer entre 250 m\\u00e8tres et 300 m\\u00e8tres. Le nombre de portes doit se situer entre 11 % et 15 % de la d\\u00e9nivellation en m\\u00e8tres, mais id\\u00e9alement entre 12 % et 13 % afin d'\\u00e9valuer la capacit\\u00e9 de virage des moniteurs de ski plut\\u00f4t que leur capacit\\u00e9 de descente.<\\\/p>\\n\n\n<p>L'organisation de l'\\u00e9preuve technique rel\\u00e8ve de la responsabilit\\u00e9 de l'entit\\u00e9 comp\\u00e9tente pour la formation des moniteurs de ski sur le territoire de l'\\u00c9tat membre.<\\\/p>\\n\n\n<p>S\\u2019agissant d\\u2019une premi\\u00e8re organisation par un Etat membre, il est entendu que la piste et les conditions d\\u2019organisation doivent \\u00eatre valid\\u00e9es par une commission technique dont les membres sont nomm\\u00e9s par l'\\u00c9tat membre organisateur ou par l'entit\\u00e9 comp\\u00e9tente, selon le cas, sur la base de leurs comp\\u00e9tences et de leur exp\\u00e9rience professionnelle. Les \\u00c9tats membres ou les entit\\u00e9s comp\\u00e9tentes autres que ceux organisant la CTT peuvent soumettre des propositions pour la composition de la commission technique.<\\\/p>\",\"margin\":\"default\"}}]}],\"props\":{\"layout\":\"1-2,1-2\"}}],\"name\":\"Calendrier CTT technique\"},{\"type\":\"section\",\"props\":{\"id\":\"sites\",\"image_position\":\"center-center\",\"padding\":\"small\",\"style\":\"default\",\"title_breakpoint\":\"xl\",\"title_position\":\"top-left\",\"title_rotation\":\"left\",\"vertical_align\":\"middle\",\"width\":\"default\"},\"children\":[{\"type\":\"row\",\"children\":[{\"type\":\"column\",\"props\":{\"image_position\":\"center-center\",\"position_sticky_breakpoint\":\"m\"},\"children\":[{\"type\":\"headline\",\"props\":{\"content\":\"Sites homologu\\u00e9s\",\"title_element\":\"h1\"}},{\"type\":\"map\",\"props\":{\"controls\":true,\"dragging\":true,\"height\":\"800\",\"image_svg_color\":\"emphasis\",\"link_style\":\"default\",\"link_text\":\"Read more\",\"margin\":\"default\",\"max_zoom\":18,\"meta_align\":\"below-title\",\"meta_element\":\"div\",\"meta_style\":\"text-meta\",\"min_zoom\":0,\"poi\":false,\"show_content\":true,\"show_image\":true,\"show_link\":true,\"show_meta\":true,\"show_title\":true,\"title_element\":\"h3\",\"title_hover_style\":\"reset\",\"type\":\"roadmap\",\"zoom\":\"6\",\"zooming\":false},\"children\":[{\"type\":\"map_item\",\"props\":{\"content\":\"\n\n<ul>\\n\n\n<li><span>Piste principale<\\\/span> :<span class=\\\"Apple-tab-span\\\"> <\\\/span>Le Signal<span><span class=\\\"Apple-tab-span\\\"> <\\\/span>(<\\\/span><i>FIS : 11241\\\/01\\\/14)<\\\/i><\\\/li>\\n\n\n<li><span>Piste de repli<\\\/span> :<span class=\\\"Apple-tab-span\\\"> <\\\/span>Le Dahut<span><span class=\\\"Apple-tab-span\\\"> <\\\/span>(<\\\/span><i>FIS :<span class=\\\"Apple-converted-space\\\">\\u00a0 <\\\/span>8903\\\/05\\\/08)<\\\/i><\\\/li>\\n<\\\/ul>\",\"location\":\"45.0907,6.06547\",\"marker_icon\":\"wp-content\\\/uploads\\\/2022\\\/01\\\/frnace.png\",\"marker_icon_height\":\"41\",\"marker_icon_width\":\"25\",\"title\":\"Station de l'Alpe d'Huez (38)\"}},{\"type\":\"map_item\",\"props\":{\"content\":\"\n\n<ul>\\n\n\n<li><span>Piste principale<\\\/span> : <span class=\\\"Apple-tab-span\\\"> <\\\/span>Stade olympique<span class=\\\"Apple-tab-span\\\"> <\\\/span>(<i>FIS : 9935\\\/12\\\/10)<\\\/i><\\\/li>\\n\n\n<li><span>Piste de repli<\\\/span> : <span class=\\\"Apple-tab-span\\\"> <\\\/span>Stade Y. Richard - Val Thorens<span class=\\\"Apple-tab-span\\\"> <\\\/span>(<i>FIS : 9731\\\/11\\\/10)<\\\/i><\\\/li>\\n<\\\/ul>\",\"location\":\"45.3234,6.53821\",\"marker_icon\":\"wp-content\\\/uploads\\\/2022\\\/01\\\/frnace.png\",\"marker_icon_height\":\"41\",\"marker_icon_width\":\"25\",\"title\":\"Station des M\\u00e9nuires (73)\"}},{\"type\":\"map_item\",\"props\":{\"content\":\"\n\n<ul>\\n\n\n<li><span>Piste principale<\\\/span> : <span class=\\\"Apple-tab-span\\\"> <\\\/span>Le Pleney<span class=\\\"Apple-tab-span\\\"> <\\\/span>(<i>FIS : 11207\\\/01\\\/14)<\\\/i><\\\/li>\\n\n\n<li><span>Piste de repli<\\\/span> : <span class=\\\"Apple-tab-span\\\"> <\\\/span>Arbis (<span class=\\\"Apple-tab-span\\\"><\\\/span><i>FIS : 12726\\\/02\\\/18)<\\\/i><\\\/li>\\n<\\\/ul>\",\"location\":\"46.1799,6.70918\",\"marker_icon\":\"wp-content\\\/uploads\\\/2022\\\/01\\\/frnace.png\",\"marker_icon_height\":\"41\",\"marker_icon_width\":\"25\",\"title\":\"Station de Morzine (74)\"}},{\"type\":\"map_item\",\"props\":{\"content\":\"\n\n<ul>\\n\n\n<li><span>Piste principale<\\\/span> : <span class=\\\"Apple-tab-span\\\"> <\\\/span>Arbesquens (<span class=\\\"Apple-tab-span\\\"><\\\/span><i>FIS : 7740\\\/01\\\/05)<\\\/i><\\\/li>\\n\n\n<li><span>Piste de repli<\\\/span> : <span class=\\\"Apple-tab-span\\\"> <\\\/span>Terranere \\u2013 Saint-Lary-Soulan (<span class=\\\"Apple-tab-span\\\"><\\\/span><i>FIS : 12611\\\/12\\\/17)<\\\/i><\\\/li>\\n<\\\/ul>\",\"location\":\"42.7689,0.576924\",\"marker_icon\":\"wp-content\\\/uploads\\\/2022\\\/01\\\/frnace.png\",\"marker_icon_height\":\"41\",\"marker_icon_width\":\"25\",\"title\":\"Station de Superbagn\\u00e8res (31)\"}},{\"type\":\"map_item\",\"props\":{\"content\":\"\n\n<ul>\\n\n\n<li><span>Piste principale<\\\/span> : <span class=\\\"Apple-tab-span\\\"> <\\\/span>Colombier (<span class=\\\"Apple-tab-span\\\"><\\\/span><i>FIS : 7814\\\/03\\\/05)<\\\/i><\\\/li>\\n\n\n<li><span>Piste de repli<\\\/span> :<span class=\\\"Apple-tab-span\\\"> <\\\/span><i>non communiqu\\u00e9e<\\\/i><\\\/li>\\n<\\\/ul>\",\"location\":\"44.2247,6.93252\",\"marker_icon\":\"wp-content\\\/uploads\\\/2022\\\/01\\\/frnace.png\",\"marker_icon_height\":\"41\",\"marker_icon_width\":\"25\",\"title\":\"Station d'Auron (06)\"}},{\"type\":\"map_item\",\"props\":{\"content\":\"\n\n<ul>\\n\n\n<li><span>Piste principale<\\\/span> : <span class=\\\"Apple-tab-span\\\"> <\\\/span>La Draye<span class=\\\"Apple-tab-span\\\"> <\\\/span>(<i>FIS : 7974\\\/11\\\/05<span class=\\\"Apple-converted-space\\\">)<\\\/span><\\\/i><\\\/li>\\n\n\n<li><span>Piste de repli<\\\/span> :<span class=\\\"Apple-tab-span\\\"> <\\\/span><i>non communiqu\\u00e9e<\\\/i><\\\/li>\\n<\\\/ul>\",\"location\":\"44.9158,6.54242\",\"marker_icon\":\"wp-content\\\/uploads\\\/2022\\\/01\\\/frnace.png\",\"marker_icon_height\":\"41\",\"marker_icon_width\":\"25\",\"title\":\"Station de Serre-Chevalier (05)\"}},{\"type\":\"map_item\",\"props\":{\"location\":\"46.2502,10.4659\",\"marker_icon\":\"wp-content\\\/uploads\\\/2022\\\/01\\\/italie.png\",\"marker_icon_height\":\"41\",\"marker_icon_width\":\"25\",\"title\":\"Station de Temu\"}},{\"type\":\"map_item\",\"props\":{\"location\":\"47.4938,11.104\",\"marker_icon\":\"wp-content\\\/uploads\\\/2022\\\/01\\\/allemagne.png\",\"marker_icon_height\":\"41\",\"marker_icon_width\":\"25\",\"title\":\"Station de Garmisch\"}},{\"type\":\"map_item\",\"props\":{\"location\":\"46.4851,13.7844\",\"marker_icon\":\"wp-content\\\/uploads\\\/2022\\\/01\\\/slovenie.png\",\"marker_icon_height\":\"41\",\"marker_icon_width\":\"25\",\"title\":\"Station de Kranjska Gora\"}},{\"type\":\"map_item\",\"props\":{\"location\":\"47.4266,12.8481\",\"marker_icon\":\"wp-content\\\/uploads\\\/2022\\\/01\\\/autriche2.png\",\"marker_icon_height\":\"41\",\"marker_icon_width\":\"25\",\"title\":\"Hinterreit\"}},{\"type\":\"map_item\",\"props\":{\"location\":\"46.7329,12.2792\",\"marker_icon\":\"wp-content\\\/uploads\\\/2022\\\/01\\\/italie.png\",\"marker_icon_height\":\"41\",\"marker_icon_width\":\"25\",\"title\":\"San Candido\"}},{\"type\":\"map_item\",\"props\":{\"location\":\"44.4743,10.5044\",\"marker_icon\":\"wp-content\\\/uploads\\\/2022\\\/01\\\/italie.png\",\"marker_icon_height\":\"41\",\"marker_icon_width\":\"25\",\"title\":\"Carezza\"}},{\"type\":\"map_item\",\"props\":{\"location\":\"45.6873,7.31082\",\"marker_icon\":\"wp-content\\\/uploads\\\/2022\\\/01\\\/italie.png\",\"marker_icon_height\":\"41\",\"marker_icon_width\":\"25\",\"title\":\"Pila\"}}]}]}]}],\"name\":\"Sites homologu\\u00e9s\"}],\"version\":\"4.2.10\"} --><\/p>\n","protected":false},"excerpt":{"rendered":"<p>CTT Technique Common Training Test Calendrier CTT Technique Calendrier pr\u00e9visionnel &#8211; \u00c9preuve de Certification de la Capacit\u00e9 Technique saison 2023-2024 &#8211; \u00c9preuve Technique Conditions d&#8217;inscription Tous les citoyens de l&#8217;Union [&hellip;]<\/p>\n","protected":false},"author":1,"featured_media":0,"parent":0,"menu_order":0,"comment_status":"closed","ping_status":"closed","template":"","meta":{"_acf_changed":false,"footnotes":""},"class_list":["post-2153","page","type-page","status-publish","hentry"],"acf":[],"_links":{"self":[{"href":"https:\/\/www.femps.eu\/de\/wp-json\/wp\/v2\/pages\/2153","targetHints":{"allow":["GET"]}}],"collection":[{"href":"https:\/\/www.femps.eu\/de\/wp-json\/wp\/v2\/pages"}],"about":[{"href":"https:\/\/www.femps.eu\/de\/wp-json\/wp\/v2\/types\/page"}],"author":[{"embeddable":true,"href":"https:\/\/www.femps.eu\/de\/wp-json\/wp\/v2\/users\/1"}],"replies":[{"embeddable":true,"href":"https:\/\/www.femps.eu\/de\/wp-json\/wp\/v2\/comments?post=2153"}],"version-history":[{"count":0,"href":"https:\/\/www.femps.eu\/de\/wp-json\/wp\/v2\/pages\/2153\/revisions"}],"wp:attachment":[{"href":"https:\/\/www.femps.eu\/de\/wp-json\/wp\/v2\/media?parent=2153"}],"curies":[{"name":"wp","href":"https:\/\/api.w.org\/{rel}","templated":true}]}}